{"id":106,"date":"2025-11-06T20:05:59","date_gmt":"2025-11-06T23:05:59","guid":{"rendered":"https:\/\/comitedegenerosb.pwmd.com.br\/?page_id=106"},"modified":"2025-12-10T10:36:24","modified_gmt":"2025-12-10T13:36:24","slug":"projetos-e-eventos","status":"publish","type":"page","link":"https:\/\/comitedegenerosb.pwmd.com.br\/?page_id=106","title":{"rendered":"projetos e eventos"},"content":{"rendered":"\t\t<div data-elementor-type=\"wp-page\" data-elementor-id=\"106\" class=\"elementor elementor-106\">\n\t\t\t\t<div class=\"elementor-element elementor-element-ecc903a e-flex e-con-boxed e-con e-parent\" data-id=\"ecc903a\" data-element_type=\"container\">\n\t\t\t\t\t<div class=\"e-con-inner\">\n\t\t\t\t<div class=\"elementor-element elementor-element-3d8a02c elementor-widget__width-initial elementor-widget elementor-widget-image\" data-id=\"3d8a02c\" data-element_type=\"widget\" data-widget_type=\"image.default\">\n\t\t\t\t\t\t\t\t\t\t\t\t\t\t\t<img decoding=\"async\" width=\"300\" height=\"106\" src=\"https:\/\/comitedegenerosb.pwmd.com.br\/wp-content\/uploads\/2025\/11\/comitedegeneroesexualidadeunipampasaoborja-1-e1763754280821-300x106.png\" class=\"attachment-medium size-medium wp-image-134\" alt=\"Logotipo institucional do Comit\u00ea de G\u00eanero e Sexualidade.\" srcset=\"https:\/\/comitedegenerosb.pwmd.com.br\/wp-content\/uploads\/2025\/11\/comitedegeneroesexualidadeunipampasaoborja-1-e1763754280821-300x106.png 300w, https:\/\/comitedegenerosb.pwmd.com.br\/wp-content\/uploads\/2025\/11\/comitedegeneroesexualidadeunipampasaoborja-1-e1763754280821.png 691w\" sizes=\"(max-width: 300px) 100vw, 300px\" \/>\t\t\t\t\t\t\t\t\t\t\t\t\t\t\t<\/div>\n\t\t\t\t<div class=\"elementor-element elementor-element-3531443 elementor-widget__width-initial eael_simple_menu_hamburger_disable_selected_menu_hide eael-simple-menu-hamburger-align-right eael-hamburger--tablet elementor-widget elementor-widget-eael-simple-menu\" data-id=\"3531443\" data-element_type=\"widget\" data-widget_type=\"eael-simple-menu.default\">\n\t\t\t\t\t<style>\n                        @media screen and (max-width: 1024px) {\n                            .eael-hamburger--tablet {\n                                .eael-simple-menu-horizontal,\n                                .eael-simple-menu-vertical {\n                                    display: none;\n                                }\n                            }\n                            .eael-hamburger--tablet {\n                                .eael-simple-menu-container .eael-simple-menu-toggle {\n                                    display: block;\n                                }\n                            }\n                        }\n                    <\/style>            <div data-hamburger-icon=\"&lt;svg aria-hidden=&quot;true&quot; class=&quot;e-font-icon-svg e-fas-bars&quot; viewBox=&quot;0 0 448 512&quot; xmlns=&quot;http:\/\/www.w3.org\/2000\/svg&quot;&gt;&lt;path d=&quot;M16 132h416c8.837 0 16-7.163 16-16V76c0-8.837-7.163-16-16-16H16C7.163 60 0 67.163 0 76v40c0 8.837 7.163 16 16 16zm0 160h416c8.837 0 16-7.163 16-16v-40c0-8.837-7.163-16-16-16H16c-8.837 0-16 7.163-16 16v40c0 8.837 7.163 16 16 16zm0 160h416c8.837 0 16-7.163 16-16v-40c0-8.837-7.163-16-16-16H16c-8.837 0-16 7.163-16 16v40c0 8.837 7.163 16 16 16z&quot;&gt;&lt;\/path&gt;&lt;\/svg&gt;\" data-indicator-icon=\"&lt;svg aria-hidden=&quot;true&quot; class=&quot;e-font-icon-svg e-fas-angle-down&quot; viewBox=&quot;0 0 320 512&quot; xmlns=&quot;http:\/\/www.w3.org\/2000\/svg&quot;&gt;&lt;path d=&quot;M143 352.3L7 216.3c-9.4-9.4-9.4-24.6 0-33.9l22.6-22.6c9.4-9.4 24.6-9.4 33.9 0l96.4 96.4 96.4-96.4c9.4-9.4 24.6-9.4 33.9 0l22.6 22.6c9.4 9.4 9.4 24.6 0 33.9l-136 136c-9.2 9.4-24.4 9.4-33.8 0z&quot;&gt;&lt;\/path&gt;&lt;\/svg&gt;\" data-dropdown-indicator-icon=\"&lt;svg class=&quot;e-font-icon-svg e-fas-angle-down&quot; viewBox=&quot;0 0 320 512&quot; xmlns=&quot;http:\/\/www.w3.org\/2000\/svg&quot;&gt;&lt;path d=&quot;M143 352.3L7 216.3c-9.4-9.4-9.4-24.6 0-33.9l22.6-22.6c9.4-9.4 24.6-9.4 33.9 0l96.4 96.4 96.4-96.4c9.4-9.4 24.6-9.4 33.9 0l22.6 22.6c9.4 9.4 9.4 24.6 0 33.9l-136 136c-9.2 9.4-24.4 9.4-33.8 0z&quot;&gt;&lt;\/path&gt;&lt;\/svg&gt;\" class=\"eael-simple-menu-container eael-simple-menu-align-right eael-simple-menu--stretch eael-simple-menu-dropdown-align-left preset-1\" data-hamburger-breakpoints=\"{&quot;mobile&quot;:&quot;Dispositivos m\\u00f3veis no modo retrato (&gt; 767px)&quot;,&quot;tablet&quot;:&quot;Tablet no modo retrato (&gt; 1024px)&quot;,&quot;desktop&quot;:&quot;Desktop (&gt; 2400px)&quot;,&quot;none&quot;:&quot;Nenhum&quot;}\" data-hamburger-device=\"tablet\">\n                <ul id=\"menu-principal\" class=\"eael-simple-menu eael-simple-menu-dropdown-animate-to-top eael-simple-menu-indicator eael-simple-menu-horizontal\"><li id=\"menu-item-82\" class=\"menu-item menu-item-type-post_type menu-item-object-page menu-item-home menu-item-82\"><a href=\"https:\/\/comitedegenerosb.pwmd.com.br\/\">Home<\/a><\/li>\n<li id=\"menu-item-84\" class=\"menu-item menu-item-type-custom menu-item-object-custom menu-item-84\"><a href=\"https:\/\/comitedegenerosb.pwmd.com.br\/?page_id=106\">Projetos e Eventos<\/a><\/li>\n<li id=\"menu-item-330\" class=\"menu-item menu-item-type-custom menu-item-object-custom menu-item-330\"><a href=\"https:\/\/comitedegenerosb.pwmd.com.br\/?page_id=109\">Protocolo de Den\u00fancia<\/a><\/li>\n<li id=\"menu-item-86\" class=\"menu-item menu-item-type-custom menu-item-object-custom menu-item-86\"><a href=\"#contato\">Contatos<\/a><\/li>\n<\/ul>                <button class=\"eael-simple-menu-toggle\">\n                    <span class=\"sr-only \">Menu de altern\u00e2ncia de hamb\u00farguer<\/span>\n                    <svg aria-hidden=\"true\" class=\"e-font-icon-svg e-fas-bars\" viewBox=\"0 0 448 512\" xmlns=\"http:\/\/www.w3.org\/2000\/svg\"><path d=\"M16 132h416c8.837 0 16-7.163 16-16V76c0-8.837-7.163-16-16-16H16C7.163 60 0 67.163 0 76v40c0 8.837 7.163 16 16 16zm0 160h416c8.837 0 16-7.163 16-16v-40c0-8.837-7.163-16-16-16H16c-8.837 0-16 7.163-16 16v40c0 8.837 7.163 16 16 16zm0 160h416c8.837 0 16-7.163 16-16v-40c0-8.837-7.163-16-16-16H16c-8.837 0-16 7.163-16 16v40c0 8.837 7.163 16 16 16z\"><\/path><\/svg>                <\/button>\n            <\/div>\n            \t\t\t\t<\/div>\n\t\t\t\t\t<\/div>\n\t\t\t\t<\/div>\n\t\t<div class=\"elementor-element elementor-element-fc55594 e-flex e-con-boxed e-con e-parent\" data-id=\"fc55594\" data-element_type=\"container\">\n\t\t\t\t\t<div class=\"e-con-inner\">\n\t\t<div class=\"elementor-element elementor-element-ebed80e e-con-full e-flex e-con e-child\" data-id=\"ebed80e\" data-element_type=\"container\">\n\t\t\t\t<div class=\"elementor-element elementor-element-15a57bb elementor-widget elementor-widget-image\" data-id=\"15a57bb\" data-element_type=\"widget\" data-widget_type=\"image.default\">\n\t\t\t\t\t\t\t\t\t\t\t\t\t\t\t<img fetchpriority=\"high\" decoding=\"async\" width=\"800\" height=\"632\" src=\"https:\/\/comitedegenerosb.pwmd.com.br\/wp-content\/uploads\/2025\/12\/WhatsApp-Image-2025-11-14-at-13.44.34-1-1-1024x809.jpeg\" class=\"attachment-large size-large wp-image-532\" alt=\"Grupo de estudantes e professores, integrantes do Comit\u00ea de G\u00eanero e Sexualidade reunidos em atividade do Date Coletivo\" srcset=\"https:\/\/comitedegenerosb.pwmd.com.br\/wp-content\/uploads\/2025\/12\/WhatsApp-Image-2025-11-14-at-13.44.34-1-1-1024x809.jpeg 1024w, https:\/\/comitedegenerosb.pwmd.com.br\/wp-content\/uploads\/2025\/12\/WhatsApp-Image-2025-11-14-at-13.44.34-1-1-300x237.jpeg 300w, https:\/\/comitedegenerosb.pwmd.com.br\/wp-content\/uploads\/2025\/12\/WhatsApp-Image-2025-11-14-at-13.44.34-1-1-768x607.jpeg 768w, https:\/\/comitedegenerosb.pwmd.com.br\/wp-content\/uploads\/2025\/12\/WhatsApp-Image-2025-11-14-at-13.44.34-1-1.jpeg 1200w\" sizes=\"(max-width: 800px) 100vw, 800px\" \/>\t\t\t\t\t\t\t\t\t\t\t\t\t\t\t<\/div>\n\t\t\t\t<\/div>\n\t\t<div class=\"elementor-element elementor-element-e667b7e e-con-full e-flex e-con e-child\" data-id=\"e667b7e\" data-element_type=\"container\">\n\t\t\t\t<div class=\"elementor-element elementor-element-92a1937 elementor-widget__width-initial elementor-widget elementor-widget-heading\" data-id=\"92a1937\" data-element_type=\"widget\" data-widget_type=\"heading.default\">\n\t\t\t\t\t<h2 class=\"elementor-heading-title elementor-size-default\">Primeira Reuni\u00e3o do Projeto Date Coletivo<\/h2>\t\t\t\t<\/div>\n\t\t\t\t<div class=\"elementor-element elementor-element-c2c6c29 elementor-widget elementor-widget-text-editor\" data-id=\"c2c6c29\" data-element_type=\"widget\" data-widget_type=\"text-editor.default\">\n\t\t\t\t\t\t\t\t\t<p><span style=\"font-weight: 400;\">Ocorreu no dia 28\/08, a primeira reuni\u00e3o do nosso projeto de extens\u00e3o, Date Coletivo. A iniciativa teve como objetivo criar um espa\u00e7o de di\u00e1logo e reflex\u00e3o a respeito do amor e dos afetos a partir de perspectivas feministas e antirracistas com leituras como Bell Hooks e Geni N\u00fa\u00f1ez.\u00a0<\/span><\/p><p><span style=\"font-weight: 400;\">Bell Hooks, artista e ativista estadunidense, nos traz a percep\u00e7\u00e3o do amor como um ato pol\u00edtico e desse sentimento como uma constru\u00e7\u00e3o, nos contando que \u00e9 necess\u00e1rio que haja respeito e compromisso m\u00fatuo para a constru\u00e7\u00e3o de rela\u00e7\u00f5es fortes e s\u00f3lidas. Geni, escritora brasileira e ativista ind\u00edgena guarani, nos conduz \u00e0 no\u00e7\u00e3o do papel da coloniza\u00e7\u00e3o em nossos afetos, assim como comenta sobre outras formas de amar, a monogamia e a n\u00e3o monogamia.<\/span><\/p><p><span style=\"font-weight: 400;\">Atrav\u00e9s da leitura e de nossas conversas, obtivemos insights valiosos e compartilhamos momentos e perspectivas com outras pessoas. Assim, de maneira saud\u00e1vel, atrav\u00e9s da escuta e da exposi\u00e7\u00e3o de diferentes vis\u00f5es, pudemos entender a diversidade das rela\u00e7\u00f5es, promovendo trocas sobre as formas como nos relacionamos para repensarmos os afetos.<\/span><\/p>\t\t\t\t\t\t\t\t<\/div>\n\t\t\t\t<\/div>\n\t\t\t\t\t<\/div>\n\t\t\t\t<\/div>\n\t\t<div class=\"elementor-element elementor-element-ee59773 e-flex e-con-boxed e-con e-parent\" data-id=\"ee59773\" data-element_type=\"container\">\n\t\t\t\t\t<div class=\"e-con-inner\">\n\t\t<div class=\"elementor-element elementor-element-cd828da e-con-full e-flex e-con e-child\" data-id=\"cd828da\" data-element_type=\"container\">\n\t\t\t\t<div class=\"elementor-element elementor-element-31c1982 elementor-widget elementor-widget-image\" data-id=\"31c1982\" data-element_type=\"widget\" data-widget_type=\"image.default\">\n\t\t\t\t\t\t\t\t\t\t\t\t\t\t\t<img decoding=\"async\" width=\"800\" height=\"536\" src=\"https:\/\/comitedegenerosb.pwmd.com.br\/wp-content\/uploads\/2025\/11\/Imagem-do-WhatsApp-de-2025-11-27-as-20.19.20_5b089d39-e1765127294756.jpg\" class=\"attachment-large size-large wp-image-355\" alt=\"Participantes sentados em c\u00edrculo durante o Date coletivo organizado pelo Comit\u00ea de G\u00eanero e Sexualidade.\" srcset=\"https:\/\/comitedegenerosb.pwmd.com.br\/wp-content\/uploads\/2025\/11\/Imagem-do-WhatsApp-de-2025-11-27-as-20.19.20_5b089d39-e1765127294756.jpg 918w, https:\/\/comitedegenerosb.pwmd.com.br\/wp-content\/uploads\/2025\/11\/Imagem-do-WhatsApp-de-2025-11-27-as-20.19.20_5b089d39-e1765127294756-300x201.jpg 300w, https:\/\/comitedegenerosb.pwmd.com.br\/wp-content\/uploads\/2025\/11\/Imagem-do-WhatsApp-de-2025-11-27-as-20.19.20_5b089d39-e1765127294756-768x515.jpg 768w\" sizes=\"(max-width: 800px) 100vw, 800px\" \/>\t\t\t\t\t\t\t\t\t\t\t\t\t\t\t<\/div>\n\t\t\t\t<\/div>\n\t\t<div class=\"elementor-element elementor-element-7d170d0 e-con-full e-flex e-con e-child\" data-id=\"7d170d0\" data-element_type=\"container\">\n\t\t\t\t<div class=\"elementor-element elementor-element-86fd539 elementor-widget__width-initial elementor-widget elementor-widget-heading\" data-id=\"86fd539\" data-element_type=\"widget\" data-widget_type=\"heading.default\">\n\t\t\t\t\t<h2 class=\"elementor-heading-title elementor-size-default\">Evento Date Coletivo<\/h2>\t\t\t\t<\/div>\n\t\t\t\t<div class=\"elementor-element elementor-element-1ededfc elementor-widget elementor-widget-text-editor\" data-id=\"1ededfc\" data-element_type=\"widget\" data-widget_type=\"text-editor.default\">\n\t\t\t\t\t\t\t\t\t<p><span style=\"font-weight: 400;\">Ocorreu no dia 05 de outubro a primeira edi\u00e7\u00e3o do t\u00e3o esperado Date Coletivo! Com o tema \u201cO amor \u00e9 um ato pol\u00edtico\u201d, nosso evento, que finalmente ganhou vida, contou com a participa\u00e7\u00e3o de docentes, discentes e terceirizados, assim como a comunidade s\u00e3o-borjense.\u00a0<\/span><\/p><p><span style=\"font-weight: 400;\">Tudo foi pensado nos m\u00ednimos detalhes, a fim de promover um espa\u00e7o saud\u00e1vel de escuta, di\u00e1logo e express\u00e3o para conversarmos sobre o amor. Assim, para abrilhantar nosso momento, contamos com a presen\u00e7a de convidadas especiais como Maria Lu\u00edsa Gelatti, atual Miss Trans Diversidade RS; Lady Paty, drag queen, que realiza performances de dan\u00e7a internacional e do mundo K-pop; e Rosiane Cordova, mulher l\u00e9sbica, cega, poeta e escritora do munic\u00edpio.<\/span><\/p><p><span style=\"font-weight: 400;\">E \u00e9 claro, dentre todas essas trocas, tivemos um lanche coletivo saboroso demais, e para finalizar com chave de ouro e sentirmos essa vibe toda fluir em nosso corpo, o DJ Allan Ayres ficou encarregado com a playlist. Cheinha de brasilidades e misturando v\u00e1rios sons mel\u00f3dicos, foi pensada para agradar a diversidade do nosso p\u00fablico.<\/span><\/p><p><span style=\"font-weight: 400;\">O evento, que visava, por meio das trocas de experi\u00eancias e di\u00e1logos sobre o amor, instigar reflex\u00f5es dentro de um espa\u00e7o de acolhimento, fez-nos perceber que sim, conversar sobre nossas viv\u00eancias e sobre os afetos pode ser revolucion\u00e1rio e fortalece nossos v\u00ednculos.<\/span><\/p><p><a href=\"https:\/\/www.instagram.com\/reel\/DPhYwClDnc-\/?igsh=MXYwanNhMzhqeHVhbg==\"><span style=\"font-weight: 400;\">Acesse a reportagem produzida pelo Pampa News Telejornal da Universidade<\/span><\/a><\/p>\t\t\t\t\t\t\t\t<\/div>\n\t\t\t\t<\/div>\n\t\t\t\t\t<\/div>\n\t\t\t\t<\/div>\n\t\t<div class=\"elementor-element elementor-element-82f5ded e-flex e-con-boxed e-con e-parent\" data-id=\"82f5ded\" data-element_type=\"container\">\n\t\t\t\t\t<div class=\"e-con-inner\">\n\t\t<div class=\"elementor-element elementor-element-6042673 e-con-full e-flex e-con e-child\" data-id=\"6042673\" data-element_type=\"container\">\n\t\t<div class=\"elementor-element elementor-element-58f9dcb e-con-full e-flex e-con e-child\" data-id=\"58f9dcb\" data-element_type=\"container\">\n\t\t\t\t<div class=\"elementor-element elementor-element-914d8f5 elementor-widget elementor-widget-image\" data-id=\"914d8f5\" data-element_type=\"widget\" data-widget_type=\"image.default\">\n\t\t\t\t\t\t\t\t\t\t\t\t\t\t\t<img loading=\"lazy\" decoding=\"async\" width=\"800\" height=\"450\" src=\"https:\/\/comitedegenerosb.pwmd.com.br\/wp-content\/uploads\/2025\/12\/Design-sem-nome-2-1024x576.png\" class=\"attachment-large size-large wp-image-475\" alt=\"Roda de conversa promovida pelo Comit\u00ea de G\u00eanero e Sexualidade no campus S\u00e3o Borja.\" srcset=\"https:\/\/comitedegenerosb.pwmd.com.br\/wp-content\/uploads\/2025\/12\/Design-sem-nome-2-1024x576.png 1024w, https:\/\/comitedegenerosb.pwmd.com.br\/wp-content\/uploads\/2025\/12\/Design-sem-nome-2-300x169.png 300w, https:\/\/comitedegenerosb.pwmd.com.br\/wp-content\/uploads\/2025\/12\/Design-sem-nome-2-768x432.png 768w, https:\/\/comitedegenerosb.pwmd.com.br\/wp-content\/uploads\/2025\/12\/Design-sem-nome-2-1536x864.png 1536w, https:\/\/comitedegenerosb.pwmd.com.br\/wp-content\/uploads\/2025\/12\/Design-sem-nome-2.png 1920w\" sizes=\"(max-width: 800px) 100vw, 800px\" \/>\t\t\t\t\t\t\t\t\t\t\t\t\t\t\t<\/div>\n\t\t\t\t<\/div>\n\t\t<div class=\"elementor-element elementor-element-ced3020 e-con-full e-flex e-con e-child\" data-id=\"ced3020\" data-element_type=\"container\">\n\t\t\t\t<div class=\"elementor-element elementor-element-d062371 elementor-widget__width-initial elementor-widget elementor-widget-heading\" data-id=\"d062371\" data-element_type=\"widget\" data-widget_type=\"heading.default\">\n\t\t\t\t\t<h2 class=\"elementor-heading-title elementor-size-default\">Roda de conversa \u201cO pacto da branquitude\u201d\n<\/h2>\t\t\t\t<\/div>\n\t\t\t\t<div class=\"elementor-element elementor-element-b2ac835 elementor-widget elementor-widget-text-editor\" data-id=\"b2ac835\" data-element_type=\"widget\" data-widget_type=\"text-editor.default\">\n\t\t\t\t\t\t\t\t\t<p><span style=\"font-weight: 400;\">Em celebra\u00e7\u00e3o ao m\u00eas da Consci\u00eancia Negra realizamos no dia 18 de novembro uma roda de conversa para a comunidade acad\u00eamica. O encontro promoveu um di\u00e1logo aberto sobre temas cruciais que impactam as estruturas de desigualdade racial em nosso cotidiano.<\/span><\/p><p><span style=\"font-weight: 400;\">A discuss\u00e3o teve como inspira\u00e7\u00e3o as obras da psic\u00f3loga e ativista Cida Bento, focando em pontos que frequentemente permanecem silenciados como os pactos narc\u00edsicos da branquitude, o sil\u00eancio da heran\u00e7a escravocrata, a mem\u00f3ria e a amn\u00e9sia coletiva e a aus\u00eancia de pol\u00edticas de repara\u00e7\u00e3o.\u00a0<\/span><\/p><p><span style=\"font-weight: 400;\">Quem esteve conosco mediando o debate foram as mestrandas do PPGCIC Deise Moreira e Vanessa Moura, convidadas pelo projeto de extens\u00e3o Gencom+, onde conduziram com excel\u00eancia a conversa com foco nas rela\u00e7\u00f5es entre racialidade, g\u00eanero e sexualidade. O encontro reuniu participantes no hall de entrada do Campus I da Unipampa e foi uma oportunidade para refletir, trocar ideias e construir um espa\u00e7o de escuta e consci\u00eancia coletiva.<\/span><\/p>\t\t\t\t\t\t\t\t<\/div>\n\t\t\t\t<\/div>\n\t\t\t\t<\/div>\n\t\t\t\t\t<\/div>\n\t\t\t\t<\/div>\n\t\t<div class=\"elementor-element elementor-element-19fcbaf e-flex e-con-boxed e-con e-parent\" data-id=\"19fcbaf\" data-element_type=\"container\">\n\t\t\t\t\t<div class=\"e-con-inner\">\n\t\t<div class=\"elementor-element elementor-element-c09ebf7 e-con-full e-flex e-con e-child\" data-id=\"c09ebf7\" data-element_type=\"container\">\n\t\t<div class=\"elementor-element elementor-element-cac218e e-con-full e-flex e-con e-child\" data-id=\"cac218e\" data-element_type=\"container\">\n\t\t\t\t<div class=\"elementor-element elementor-element-5f645aa elementor-widget elementor-widget-image\" data-id=\"5f645aa\" data-element_type=\"widget\" data-widget_type=\"image.default\">\n\t\t\t\t\t\t\t\t\t\t\t\t\t\t\t<img loading=\"lazy\" decoding=\"async\" width=\"800\" height=\"450\" src=\"https:\/\/comitedegenerosb.pwmd.com.br\/wp-content\/uploads\/2025\/12\/Design-sem-nome-1-1024x576.png\" class=\"attachment-large size-large wp-image-474\" alt=\"Palestra promovida pelo Comit\u00ea de G\u00eanero e Sexualidade no campus S\u00e3o Borja.\" srcset=\"https:\/\/comitedegenerosb.pwmd.com.br\/wp-content\/uploads\/2025\/12\/Design-sem-nome-1-1024x576.png 1024w, https:\/\/comitedegenerosb.pwmd.com.br\/wp-content\/uploads\/2025\/12\/Design-sem-nome-1-300x169.png 300w, https:\/\/comitedegenerosb.pwmd.com.br\/wp-content\/uploads\/2025\/12\/Design-sem-nome-1-768x432.png 768w, https:\/\/comitedegenerosb.pwmd.com.br\/wp-content\/uploads\/2025\/12\/Design-sem-nome-1-1536x864.png 1536w, https:\/\/comitedegenerosb.pwmd.com.br\/wp-content\/uploads\/2025\/12\/Design-sem-nome-1.png 1920w\" sizes=\"(max-width: 800px) 100vw, 800px\" \/>\t\t\t\t\t\t\t\t\t\t\t\t\t\t\t<\/div>\n\t\t\t\t<\/div>\n\t\t<div class=\"elementor-element elementor-element-20054d6 e-con-full e-flex e-con e-child\" data-id=\"20054d6\" data-element_type=\"container\">\n\t\t\t\t<div class=\"elementor-element elementor-element-4594227 elementor-widget__width-initial elementor-widget elementor-widget-heading\" data-id=\"4594227\" data-element_type=\"widget\" data-widget_type=\"heading.default\">\n\t\t\t\t\t<h2 class=\"elementor-heading-title elementor-size-default\">Palestra \u201cDo Sil\u00eancio \u00e0 Den\u00fancia\u201d<\/h2>\t\t\t\t<\/div>\n\t\t\t\t<div class=\"elementor-element elementor-element-bffb27b elementor-widget elementor-widget-text-editor\" data-id=\"bffb27b\" data-element_type=\"widget\" data-widget_type=\"text-editor.default\">\n\t\t\t\t\t\t\t\t\t<p><span style=\"font-weight: 400;\">Em apoio ao Dia Internacional para elimina\u00e7\u00e3o da Viol\u00eancia Contra as Mulheres e em ades\u00e3o aos 16 dias de Ativismo promovidos na cidade de S\u00e3o Borja, realizamos uma atividade na UNIPAMPA no dia 26 de novembro. O evento reuniu estudantes, servidores e membros da comunidade externa para uma conversa essencial sobre os desafios e caminhos no enfrentamento \u00e0 viol\u00eancia de g\u00eanero.<\/span><\/p><p><span style=\"font-weight: 400;\">Para ministrar a palestra foi convidada a delegada Elisandra Batista que abordou durante sua fala diversos t\u00f3picos como: o \u201cCiclo da Viol\u00eancia\u201d, formas de viol\u00eancia contempladas na Lei Maria da Penha e feminic\u00eddio. Al\u00e9m disso, foi um espa\u00e7o para incentivar a preven\u00e7\u00e3o e o combate \u00e0 viol\u00eancia de g\u00eanero, onde houve a conscientiza\u00e7\u00e3o sobre os pontos de contato para ajuda, referindo-se que para realizar uma den\u00fancia \u00e9 atrav\u00e9s do Disque 180, pelo telefone 190 da Brigada Militar ou deve-se procurar a Delegacia de Pol\u00edcia. Foi enfatizado a possibilidade de registrar ocorr\u00eancias e solicitar medidas protetivas por meio da Delegacia Online da Mulher.<\/span><\/p><p><span style=\"font-weight: 400;\">A programa\u00e7\u00e3o contou ainda com um momento art\u00edstico e um coffe break para promover a intera\u00e7\u00e3o e o acolhimento entre os participantes. Este foi um momento que serviu para fomentar a conscientiza\u00e7\u00e3o e o engajamento de todos ao combate a viol\u00eancia de g\u00eanero.<\/span><\/p>\t\t\t\t\t\t\t\t<\/div>\n\t\t\t\t<\/div>\n\t\t\t\t<\/div>\n\t\t\t\t\t<\/div>\n\t\t\t\t<\/div>\n\t\t<div class=\"elementor-element elementor-element-ecacbc0 e-flex e-con-boxed e-con e-parent\" data-id=\"ecacbc0\" data-element_type=\"container\">\n\t\t\t\t\t<div class=\"e-con-inner\">\n\t\t<div class=\"elementor-element elementor-element-ab65bfe e-con-full e-flex e-con e-child\" data-id=\"ab65bfe\" data-element_type=\"container\">\n\t\t<div class=\"elementor-element elementor-element-67a6dea e-con-full e-flex e-con e-child\" data-id=\"67a6dea\" data-element_type=\"container\">\n\t\t\t\t<div class=\"elementor-element elementor-element-6664c35 elementor-widget elementor-widget-image\" data-id=\"6664c35\" data-element_type=\"widget\" data-widget_type=\"image.default\">\n\t\t\t\t\t\t\t\t\t\t\t\t\t\t\t<img loading=\"lazy\" decoding=\"async\" width=\"800\" height=\"450\" src=\"https:\/\/comitedegenerosb.pwmd.com.br\/wp-content\/uploads\/2025\/12\/Design-sem-nome-1024x576.png\" class=\"attachment-large size-large wp-image-473\" alt=\"Integrantes do Comite na Prada de Uruguaiana\" srcset=\"https:\/\/comitedegenerosb.pwmd.com.br\/wp-content\/uploads\/2025\/12\/Design-sem-nome-1024x576.png 1024w, https:\/\/comitedegenerosb.pwmd.com.br\/wp-content\/uploads\/2025\/12\/Design-sem-nome-300x169.png 300w, https:\/\/comitedegenerosb.pwmd.com.br\/wp-content\/uploads\/2025\/12\/Design-sem-nome-768x432.png 768w, https:\/\/comitedegenerosb.pwmd.com.br\/wp-content\/uploads\/2025\/12\/Design-sem-nome-1536x864.png 1536w, https:\/\/comitedegenerosb.pwmd.com.br\/wp-content\/uploads\/2025\/12\/Design-sem-nome.png 1920w\" sizes=\"(max-width: 800px) 100vw, 800px\" \/>\t\t\t\t\t\t\t\t\t\t\t\t\t\t\t<\/div>\n\t\t\t\t<\/div>\n\t\t<div class=\"elementor-element elementor-element-1223d62 e-con-full e-flex e-con e-child\" data-id=\"1223d62\" data-element_type=\"container\">\n\t\t\t\t<div class=\"elementor-element elementor-element-af4dcfb elementor-widget__width-initial elementor-widget elementor-widget-heading\" data-id=\"af4dcfb\" data-element_type=\"widget\" data-widget_type=\"heading.default\">\n\t\t\t\t\t<h2 class=\"elementor-heading-title elementor-size-default\"> 18\u00aa Parada da Diversidade de Uruguaiana<\/h2>\t\t\t\t<\/div>\n\t\t\t\t<div class=\"elementor-element elementor-element-870c167 elementor-widget elementor-widget-text-editor\" data-id=\"870c167\" data-element_type=\"widget\" data-widget_type=\"text-editor.default\">\n\t\t\t\t\t\t\t\t\t<p>No dia 30 de novembro, aconteceu a 18\u00aa Parada da Diversidade de Uruguaiana, evento do qual tivemos o prazer de colaborar. A programa\u00e7\u00e3o contou com diversas atividades, como a Feira da Diversidade, o F\u00f3rum da Diversidade e Date Coletivo.&nbsp;<\/p>\n<p>Vale ressaltar que o f\u00f3rum da diversidade ocorreu no dia 29 de novembro, como uma a\u00e7\u00e3o pr\u00e9-parada, abordando o tema \u201cDi\u00e1logos para a Constru\u00e7\u00e3o de Uma Cidade Mais Inclusiva\u201d.&nbsp;<\/p>\n<p>A iniciativa reuniu diversos patrocinadores e atra\u00e7\u00f5es, resultando em um evento de grande sucesso. Para mais informa\u00e7\u00f5es acesse o site da Parada da Diversidade:&nbsp;<a href=\"https:\/\/share.google\/5euwXDUMKCe1CUFIV\" style=\"background-color: rgb(255, 255, 255);\">paradadiversidadeuruguaiana.pwmd.com.br<\/a><\/p>\t\t\t\t\t\t\t\t<\/div>\n\t\t\t\t<\/div>\n\t\t\t\t<\/div>\n\t\t\t\t\t<\/div>\n\t\t\t\t<\/div>\n\t\t<div class=\"elementor-element elementor-element-b26439a e-flex e-con-boxed e-con e-parent\" data-id=\"b26439a\" data-element_type=\"container\">\n\t\t\t\t\t<div class=\"e-con-inner\">\n\t\t<div class=\"elementor-element elementor-element-7b3fcc4 e-con-full e-flex e-con e-child\" data-id=\"7b3fcc4\" data-element_type=\"container\">\n\t\t\t\t<div class=\"elementor-element elementor-element-3931d57 elementor-widget elementor-widget-menu-anchor\" data-id=\"3931d57\" data-element_type=\"widget\" data-widget_type=\"menu-anchor.default\">\n\t\t\t\t\t\t\t<div class=\"elementor-menu-anchor\" id=\"contato\"><\/div>\n\t\t\t\t\t\t<\/div>\n\t\t\t\t<\/div>\n\t\t\t\t\t<\/div>\n\t\t\t\t<\/div>\n\t\t<div class=\"elementor-element elementor-element-d17b12d e-flex e-con-boxed e-con e-parent\" data-id=\"d17b12d\" data-element_type=\"container\">\n\t\t\t\t\t<div class=\"e-con-inner\">\n\t\t<div class=\"elementor-element elementor-element-64be914 e-con-full e-flex e-con e-child\" data-id=\"64be914\" data-element_type=\"container\">\n\t\t\t\t<div class=\"elementor-element elementor-element-c42cb99 elementor-widget elementor-widget-heading\" data-id=\"c42cb99\" data-element_type=\"widget\" data-widget_type=\"heading.default\">\n\t\t\t\t\t<h2 class=\"elementor-heading-title elementor-size-default\">Contatos<\/h2>\t\t\t\t<\/div>\n\t\t\t\t<\/div>\n\t\t\t\t\t<\/div>\n\t\t\t\t<\/div>\n\t\t<div class=\"elementor-element elementor-element-5d4ad18 e-flex e-con-boxed e-con e-parent\" data-id=\"5d4ad18\" data-element_type=\"container\">\n\t\t\t\t\t<div class=\"e-con-inner\">\n\t\t<div class=\"elementor-element elementor-element-65c6fb9 e-con-full e-flex e-con e-child\" data-id=\"65c6fb9\" data-element_type=\"container\">\n\t\t<div class=\"elementor-element elementor-element-4897dd0 e-con-full e-flex e-con e-child\" data-id=\"4897dd0\" data-element_type=\"container\">\n\t\t\t\t<div class=\"elementor-element elementor-element-8acc734 elementor-widget elementor-widget-heading\" data-id=\"8acc734\" data-element_type=\"widget\" data-widget_type=\"heading.default\">\n\t\t\t\t\t<h2 class=\"elementor-heading-title elementor-size-default\">Canais<\/h2>\t\t\t\t<\/div>\n\t\t\t\t<div class=\"elementor-element elementor-element-4024bf0 elementor-shape-circle elementor-grid-0 e-grid-align-center elementor-widget elementor-widget-social-icons\" data-id=\"4024bf0\" data-element_type=\"widget\" data-widget_type=\"social-icons.default\">\n\t\t\t\t\t\t\t<div class=\"elementor-social-icons-wrapper elementor-grid\" role=\"list\">\n\t\t\t\t\t\t\t<span class=\"elementor-grid-item\" role=\"listitem\">\n\t\t\t\t\t<a class=\"elementor-icon elementor-social-icon elementor-social-icon-instagram elementor-repeater-item-0083914\" href=\"https:\/\/www.instagram.com\/generosexualidadesb?igsh=MTl3MXJqeDkzZDQxdQ==\" target=\"_blank\">\n\t\t\t\t\t\t<span class=\"elementor-screen-only\">Instagram<\/span>\n\t\t\t\t\t\t<svg aria-hidden=\"true\" class=\"e-font-icon-svg e-fab-instagram\" viewBox=\"0 0 448 512\" xmlns=\"http:\/\/www.w3.org\/2000\/svg\"><path d=\"M224.1 141c-63.6 0-114.9 51.3-114.9 114.9s51.3 114.9 114.9 114.9S339 319.5 339 255.9 287.7 141 224.1 141zm0 189.6c-41.1 0-74.7-33.5-74.7-74.7s33.5-74.7 74.7-74.7 74.7 33.5 74.7 74.7-33.6 74.7-74.7 74.7zm146.4-194.3c0 14.9-12 26.8-26.8 26.8-14.9 0-26.8-12-26.8-26.8s12-26.8 26.8-26.8 26.8 12 26.8 26.8zm76.1 27.2c-1.7-35.9-9.9-67.7-36.2-93.9-26.2-26.2-58-34.4-93.9-36.2-37-2.1-147.9-2.1-184.9 0-35.8 1.7-67.6 9.9-93.9 36.1s-34.4 58-36.2 93.9c-2.1 37-2.1 147.9 0 184.9 1.7 35.9 9.9 67.7 36.2 93.9s58 34.4 93.9 36.2c37 2.1 147.9 2.1 184.9 0 35.9-1.7 67.7-9.9 93.9-36.2 26.2-26.2 34.4-58 36.2-93.9 2.1-37 2.1-147.8 0-184.8zM398.8 388c-7.8 19.6-22.9 34.7-42.6 42.6-29.5 11.7-99.5 9-132.1 9s-102.7 2.6-132.1-9c-19.6-7.8-34.7-22.9-42.6-42.6-11.7-29.5-9-99.5-9-132.1s-2.6-102.7 9-132.1c7.8-19.6 22.9-34.7 42.6-42.6 29.5-11.7 99.5-9 132.1-9s102.7-2.6 132.1 9c19.6 7.8 34.7 22.9 42.6 42.6 11.7 29.5 9 99.5 9 132.1s2.7 102.7-9 132.1z\"><\/path><\/svg>\t\t\t\t\t<\/a>\n\t\t\t\t<\/span>\n\t\t\t\t\t\t\t<span class=\"elementor-grid-item\" role=\"listitem\">\n\t\t\t\t\t<a class=\"elementor-icon elementor-social-icon elementor-social-icon-tiktok elementor-repeater-item-0c9540b\" href=\"https:\/\/www.tiktok.com\/@generoesexualidadesb?_r=1&#038;_t=ZS-91hAJN8Rf7o\" target=\"_blank\">\n\t\t\t\t\t\t<span class=\"elementor-screen-only\">Tiktok<\/span>\n\t\t\t\t\t\t<svg aria-hidden=\"true\" class=\"e-font-icon-svg e-fab-tiktok\" viewBox=\"0 0 448 512\" xmlns=\"http:\/\/www.w3.org\/2000\/svg\"><path d=\"M448,209.91a210.06,210.06,0,0,1-122.77-39.25V349.38A162.55,162.55,0,1,1,185,188.31V278.2a74.62,74.62,0,1,0,52.23,71.18V0l88,0a121.18,121.18,0,0,0,1.86,22.17h0A122.18,122.18,0,0,0,381,102.39a121.43,121.43,0,0,0,67,20.14Z\"><\/path><\/svg>\t\t\t\t\t<\/a>\n\t\t\t\t<\/span>\n\t\t\t\t\t\t\t<span class=\"elementor-grid-item\" role=\"listitem\">\n\t\t\t\t\t<a class=\"elementor-icon elementor-social-icon elementor-social-icon-whatsapp elementor-repeater-item-e33292b\" href=\"https:\/\/tr.ee\/qiX_alp9PU\" target=\"_blank\">\n\t\t\t\t\t\t<span class=\"elementor-screen-only\">Whatsapp<\/span>\n\t\t\t\t\t\t<svg aria-hidden=\"true\" class=\"e-font-icon-svg e-fab-whatsapp\" viewBox=\"0 0 448 512\" xmlns=\"http:\/\/www.w3.org\/2000\/svg\"><path d=\"M380.9 97.1C339 55.1 283.2 32 223.9 32c-122.4 0-222 99.6-222 222 0 39.1 10.2 77.3 29.6 111L0 480l117.7-30.9c32.4 17.7 68.9 27 106.1 27h.1c122.3 0 224.1-99.6 224.1-222 0-59.3-25.2-115-67.1-157zm-157 341.6c-33.2 0-65.7-8.9-94-25.7l-6.7-4-69.8 18.3L72 359.2l-4.4-7c-18.5-29.4-28.2-63.3-28.2-98.2 0-101.7 82.8-184.5 184.6-184.5 49.3 0 95.6 19.2 130.4 54.1 34.8 34.9 56.2 81.2 56.1 130.5 0 101.8-84.9 184.6-186.6 184.6zm101.2-138.2c-5.5-2.8-32.8-16.2-37.9-18-5.1-1.9-8.8-2.8-12.5 2.8-3.7 5.6-14.3 18-17.6 21.8-3.2 3.7-6.5 4.2-12 1.4-32.6-16.3-54-29.1-75.5-66-5.7-9.8 5.7-9.1 16.3-30.3 1.8-3.7.9-6.9-.5-9.7-1.4-2.8-12.5-30.1-17.1-41.2-4.5-10.8-9.1-9.3-12.5-9.5-3.2-.2-6.9-.2-10.6-.2-3.7 0-9.7 1.4-14.8 6.9-5.1 5.6-19.4 19-19.4 46.3 0 27.3 19.9 53.7 22.6 57.4 2.8 3.7 39.1 59.7 94.8 83.8 35.2 15.2 49 16.5 66.6 13.9 10.7-1.6 32.8-13.4 37.4-26.4 4.6-13 4.6-24.1 3.2-26.4-1.3-2.5-5-3.9-10.5-6.6z\"><\/path><\/svg>\t\t\t\t\t<\/a>\n\t\t\t\t<\/span>\n\t\t\t\t\t\t\t<span class=\"elementor-grid-item\" role=\"listitem\">\n\t\t\t\t\t<a class=\"elementor-icon elementor-social-icon elementor-social-icon-envelope elementor-repeater-item-b68f164\" href=\"mailto:comitedegenero.saoborja@unipampa.edu.br%20\" target=\"_blank\">\n\t\t\t\t\t\t<span class=\"elementor-screen-only\">Envelope<\/span>\n\t\t\t\t\t\t<svg aria-hidden=\"true\" class=\"e-font-icon-svg e-far-envelope\" viewBox=\"0 0 512 512\" xmlns=\"http:\/\/www.w3.org\/2000\/svg\"><path d=\"M464 64H48C21.49 64 0 85.49 0 112v288c0 26.51 21.49 48 48 48h416c26.51 0 48-21.49 48-48V112c0-26.51-21.49-48-48-48zm0 48v40.805c-22.422 18.259-58.168 46.651-134.587 106.49-16.841 13.247-50.201 45.072-73.413 44.701-23.208.375-56.579-31.459-73.413-44.701C106.18 199.465 70.425 171.067 48 152.805V112h416zM48 400V214.398c22.914 18.251 55.409 43.862 104.938 82.646 21.857 17.205 60.134 55.186 103.062 54.955 42.717.231 80.509-37.199 103.053-54.947 49.528-38.783 82.032-64.401 104.947-82.653V400H48z\"><\/path><\/svg>\t\t\t\t\t<\/a>\n\t\t\t\t<\/span>\n\t\t\t\t\t<\/div>\n\t\t\t\t\t\t<\/div>\n\t\t\t\t<\/div>\n\t\t<div class=\"elementor-element elementor-element-c8b5860 e-con-full e-flex e-con e-child\" data-id=\"c8b5860\" data-element_type=\"container\">\n\t\t\t\t<div class=\"elementor-element elementor-element-ba8b8c6 elementor-widget__width-inherit elementor-widget elementor-widget-text-editor\" data-id=\"ba8b8c6\" data-element_type=\"widget\" data-widget_type=\"text-editor.default\">\n\t\t\t\t\t\t\t\t\t<p><b style=\"font-size: 1rem;\">\u00a0<\/b><\/p><p><b style=\"font-size: 1rem;\">Canal de den\u00fancias do governo federal (Disque 100)<\/b><\/p><p><a href=\"https:\/\/www.gov.br\/pt-br\/servicos\/denunciar-violacao-de-direitos-humanos\">\u00a0<\/a><a href=\"https:\/\/www.gov.br\/mdh\/pt-br\/disque-100\"><span style=\"font-weight: 400;\">https:\/\/www.gov.br\/mdh\/pt-br\/disque-100<\/span><\/a><\/p><p>Nos procure na Sala 1204 &#8211; Campus 1<\/p>\t\t\t\t\t\t\t\t<\/div>\n\t\t\t\t<\/div>\n\t\t<div class=\"elementor-element elementor-element-209948a e-con-full e-flex e-con e-child\" data-id=\"209948a\" data-element_type=\"container\">\n\t\t\t\t<div class=\"elementor-element elementor-element-86321a3 elementor-widget elementor-widget-google_maps\" data-id=\"86321a3\" data-element_type=\"widget\" data-widget_type=\"google_maps.default\">\n\t\t\t\t\t\t\t<div class=\"elementor-custom-embed\">\n\t\t\t<iframe loading=\"lazy\"\n\t\t\t\t\tsrc=\"https:\/\/maps.google.com\/maps?q=Rua%20Ver.%20Alberto%20Benevenuto%2C%203200%2C%20S%C3%A3o%20Borja%20RS&#038;t=m&#038;z=15&#038;output=embed&#038;iwloc=near\"\n\t\t\t\t\ttitle=\"Rua Ver. Alberto Benevenuto, 3200, S\u00e3o Borja RS\"\n\t\t\t\t\taria-label=\"Rua Ver. Alberto Benevenuto, 3200, S\u00e3o Borja RS\"\n\t\t\t><\/iframe>\n\t\t<\/div>\n\t\t\t\t\t\t<\/div>\n\t\t\t\t<\/div>\n\t\t\t\t<\/div>\n\t\t\t\t\t<\/div>\n\t\t\t\t<\/div>\n\t\t<div class=\"elementor-element elementor-element-04b8124 e-flex e-con-boxed e-con e-parent\" data-id=\"04b8124\" data-element_type=\"container\">\n\t\t\t\t\t<div class=\"e-con-inner\">\n\t\t\t\t<div class=\"elementor-element elementor-element-080dd4f elementor-widget elementor-widget-text-editor\" data-id=\"080dd4f\" data-element_type=\"widget\" data-widget_type=\"text-editor.default\">\n\t\t\t\t\t\t\t\t\t<p><span style=\"font-weight: 400;\">Esta produ\u00e7\u00e3o \u00e9 vinculada ao projeto: Gencom+: Produ\u00e7\u00e3o de materiais comunicacionais com perspectiva de g\u00eanero e intersec\u00e7\u00f5es (2025.EX.SB.4689) e ao componente curricular: Produ\u00e7\u00e3o para web e marketing digital, do curso de Publicidade e Propaganda, da Unipampa, campus S\u00e3o Borja. Coordena\u00e7\u00e3o: Professora Aline Amaral Paz. Estudantes: Luiza Klein Dalben e Daiane Streb dos Santos de Oliveira, Gabriel Mendon\u00e7a de Medeiros, Roberta Rios Zubiaurre e Thatiane Cardoso da Silva<\/span><\/p>\t\t\t\t\t\t\t\t<\/div>\n\t\t\t\t\t<\/div>\n\t\t\t\t<\/div>\n\t\t\t\t<\/div>\n\t\t","protected":false},"excerpt":{"rendered":"<p>Home Projetos e Eventos Protocolo de Den\u00fancia Contatos Menu de altern\u00e2ncia de hamb\u00farguer Primeira Reuni\u00e3o do Projeto Date Coletivo Ocorreu no dia 28\/08, a primeira reuni\u00e3o do nosso projeto de extens\u00e3o, Date Coletivo. A iniciativa teve como objetivo criar um espa\u00e7o de di\u00e1logo e reflex\u00e3o a respeito do amor e dos afetos a partir de [&hellip;]<\/p>\n","protected":false},"author":1,"featured_media":0,"parent":0,"menu_order":0,"comment_status":"closed","ping_status":"closed","template":"","meta":{"footnotes":""},"class_list":["post-106","page","type-page","status-publish","hentry"],"_links":{"self":[{"href":"https:\/\/comitedegenerosb.pwmd.com.br\/index.php?rest_route=\/wp\/v2\/pages\/106","targetHints":{"allow":["GET"]}}],"collection":[{"href":"https:\/\/comitedegenerosb.pwmd.com.br\/index.php?rest_route=\/wp\/v2\/pages"}],"about":[{"href":"https:\/\/comitedegenerosb.pwmd.com.br\/index.php?rest_route=\/wp\/v2\/types\/page"}],"author":[{"embeddable":true,"href":"https:\/\/comitedegenerosb.pwmd.com.br\/index.php?rest_route=\/wp\/v2\/users\/1"}],"replies":[{"embeddable":true,"href":"https:\/\/comitedegenerosb.pwmd.com.br\/index.php?rest_route=%2Fwp%2Fv2%2Fcomments&post=106"}],"version-history":[{"count":93,"href":"https:\/\/comitedegenerosb.pwmd.com.br\/index.php?rest_route=\/wp\/v2\/pages\/106\/revisions"}],"predecessor-version":[{"id":604,"href":"https:\/\/comitedegenerosb.pwmd.com.br\/index.php?rest_route=\/wp\/v2\/pages\/106\/revisions\/604"}],"wp:attachment":[{"href":"https:\/\/comitedegenerosb.pwmd.com.br\/index.php?rest_route=%2Fwp%2Fv2%2Fmedia&parent=106"}],"curies":[{"name":"wp","href":"https:\/\/api.w.org\/{rel}","templated":true}]}}